{"id":99,"date":"2024-04-07T10:48:05","date_gmt":"2024-04-07T08:48:05","guid":{"rendered":"https:\/\/www.ferienwohnung-jurastein.de\/?page_id=99"},"modified":"2024-04-21T08:39:40","modified_gmt":"2024-04-21T06:39:40","slug":"99-2","status":"publish","type":"page","link":"https:\/\/www.ferienwohnung-jurastein.de\/","title":{"rendered":""},"content":{"rendered":"\t\t<div data-elementor-type=\"wp-page\" data-elementor-id=\"99\" class=\"elementor elementor-99\">\n\t\t\t\t<div class=\"elementor-element elementor-element-6169fad2 e-flex e-con-boxed e-con e-parent\" data-id=\"6169fad2\" data-element_type=\"container\" data-core-v316-plus=\"true\">\n\t\t\t\t\t<div class=\"e-con-inner\">\n\t\t\t\t<div class=\"elementor-element elementor-element-3140efed elementor-widget elementor-widget-text-editor\" data-id=\"3140efed\" data-element_type=\"widget\" data-widget_type=\"text-editor.default\">\n\t\t\t\t<div class=\"elementor-widget-container\">\n\t\t\t<style>\/*! elementor - v3.20.0 - 10-04-2024 *\/\n.elementor-widget-text-editor.elementor-drop-cap-view-stacked .elementor-drop-cap{background-color:#69727d;color:#fff}.elementor-widget-text-editor.elementor-drop-cap-view-framed .elementor-drop-cap{color:#69727d;border:3px solid;background-color:transparent}.elementor-widget-text-editor:not(.elementor-drop-cap-view-default) .elementor-drop-cap{margin-top:8px}.elementor-widget-text-editor:not(.elementor-drop-cap-view-default) .elementor-drop-cap-letter{width:1em;height:1em}.elementor-widget-text-editor .elementor-drop-cap{float:left;text-align:center;line-height:1;font-size:50px}.elementor-widget-text-editor .elementor-drop-cap-letter{display:inline-block}<\/style>\t\t\t\t<p><!-- wp:media-text {\"align\":\"full\",\"mediaPosition\":\"right\",\"mediaId\":17,\"mediaLink\":\"https:\/\/www.ferienwohnung-jurastein.de\/sony-dsc-6\/\",\"mediaType\":\"image\",\"mediaWidth\":45,\"imageFill\":false,\"style\":{\"spacing\":{\"padding\":{\"top\":\"0\",\"right\":\"0\",\"bottom\":\"0\",\"left\":\"0\"}}},\"backgroundColor\":\"tertiary\"} --><\/p>\n<div class=\"wp-block-media-text alignfull has-media-on-the-right is-stacked-on-mobile has-tertiary-background-color has-background\" style=\"grid-template-columns: auto 45%; padding: 0;\">\n<div class=\"wp-block-media-text__content\"><p><!-- wp:group {\"style\":{\"spacing\":{\"padding\":{\"top\":\"var:preset|spacing|60\",\"right\":\"var:preset|spacing|40\",\"bottom\":\"var:preset|spacing|60\",\"left\":\"var:preset|spacing|40\"}}},\"layout\":{\"type\":\"constrained\",\"contentSize\":\"480px\"}} --><\/p>\n<div class=\"wp-block-group\" style=\"padding: var(--wp--preset--spacing--60) var(--wp--preset--spacing--40) var(--wp--preset--spacing--60) var(--wp--preset--spacing--40);\"><p><!-- wp:paragraph {\"style\":{\"typography\":{\"fontSize\":\"29px\"},\"color\":{\"text\":\"#cf6f4c\"},\"elements\":{\"link\":{\"color\":{\"text\":\"#cf6f4c\"}}}}} --><\/p>\n<p class=\"has-text-color has-link-color\" style=\"color: #cf6f4c; font-size: 29px;\"><strong>Urlaub im Herzen von Burglengenfeld<\/strong><\/p>\n<p><!-- \/wp:paragraph --><!-- wp:group {\"layout\":{\"type\":\"flex\",\"orientation\":\"vertical\"}} --><\/p>\n<div class=\"wp-block-group\"><p><!-- wp:paragraph {\"style\":{\"typography\":{\"fontSize\":\"18px\"}}} --><\/p>\n<p style=\"font-size: 18px;\">In diesem zauberhaften Ort erwartet Sie ein komfortables Wohnen inmitten einer idyllischen Umgebung. Die malerische Landschaft und die ruhige Atmosph\u00e4re laden dazu ein, nach einem erlebnisreichen Urlaubstag entspannte Stunden zu verbringen. Hier k\u00f6nnen Sie die Seele baumeln lassen und den Alltagsstress hinter sich lassen. Die gem\u00fctliche Unterkunft bietet alles, was Sie f\u00fcr einen erholsamen Aufenthalt brauchen.<\/p>\n<p><!-- \/wp:paragraph --><\/p><\/div>\n<p><!-- \/wp:group --><!-- wp:paragraph --><\/p>\n<p><!-- \/wp:paragraph --><\/p><\/div>\n<p><!-- \/wp:group --><\/p><\/div>\n<figure class=\"wp-block-media-text__media\"><figure id=\"attachment_227\" aria-describedby=\"caption-attachment-227\" style=\"width: 700px\" class=\"wp-caption alignright\"><img fetchpriority=\"high\" decoding=\"async\" class=\"wp-image-227\" src=\"https:\/\/i0.wp.com\/www.ferienwohnung-jurastein.de\/wp-content\/uploads\/2024\/04\/Fuer-gemuetliche-Fernsehabende.jpg?resize=685%2C412\" alt=\"\" width=\"685\" height=\"412\"  data-recalc-dims=\"1\"><figcaption id=\"caption-attachment-227\" class=\"wp-caption-text\">Wohnbereich<\/figcaption><\/figure>\n<\/figure>\n<\/div>\n<p><!-- \/wp:media-text --><!-- wp:group {\"align\":\"wide\",\"style\":{\"spacing\":{\"padding\":{\"top\":\"var:preset|spacing|70\",\"right\":\"0px\",\"bottom\":\"var:preset|spacing|70\",\"left\":\"0px\"}}},\"className\":\"is-style-default\"} --><\/p>\n<div class=\"wp-block-group alignwide is-style-default\" style=\"padding: var(--wp--preset--spacing--70) 0px var(--wp--preset--spacing--70) 0px;\"><p><!-- wp:columns {\"align\":\"wide\"} --><\/p>\n<div class=\"wp-block-columns alignwide\"><p><!-- wp:column {\"width\":\"33.33%\"} --><\/p>\n<div class=\"wp-block-column\" style=\"flex-basis: 33.33%;\"><p><!-- wp:paragraph --><\/p>\n<p><!-- \/wp:paragraph --><!-- wp:heading {\"style\":{\"typography\":{\"lineHeight\":\"1.2\",\"fontSize\":\"28px\"},\"color\":{\"text\":\"#cf6f4c\"},\"elements\":{\"link\":{\"color\":{\"text\":\"#cf6f4c\"}}}}} --><\/p>\n<h2 class=\"wp-block-heading has-text-color has-link-color\" style=\"color: #cf6f4c; font-size: 28px; line-height: 1.2;\">Ferienwohnung<\/h2>\n<p><!-- \/wp:heading --><!-- wp:paragraph {\"align\":\"left\",\"style\":{\"typography\":{\"fontSize\":\"18px\"}}} --><\/p>\n<p class=\"has-text-align-left\" style=\"font-size: 18px;\">Im Herzen der Stadt Burglengenfeld\u00b4s liegt die 50qm (Bj. 2020) gro\u00dfe und moderne 4 Sterne Ferienwohnung . WLAN gibt\u00b4s gratis und der zur Wohnung geh\u00f6rende Garten mit Terrasse steht zur alleinigen Nutzung f\u00fcr gem\u00fctliche Abende zu Ihrer Verf\u00fcgung.<\/p>\n<p><!-- \/wp:paragraph --><!-- wp:paragraph --><\/p>\n<p><!-- \/wp:paragraph --><!-- wp:paragraph {\"style\":{\"typography\":{\"fontSize\":\"18px\"}}} --><\/p>\n<p style=\"font-size: 18px;\">&nbsp;In unserer modernen und komplett ausgestatteten K\u00fcche macht das Kochen auch im Urlaub Spa\u00df. Sollte Ihnen trotzdem nicht nach Kochen zumute sein, finden Sie in der ca. 400 Meter nah gelegenen Altstadt, gen\u00fcgend Restaurants in denen Sie nach Herzenslust Speisen k\u00f6nnen.<\/p>\n<p><!-- \/wp:paragraph --><!-- wp:buttons {\"layout\":{\"type\":\"flex\",\"orientation\":\"horizontal\"}} --><\/p>\n<div class=\"wp-block-buttons\"><p><!-- wp:button {\"textAlign\":\"center\",\"style\":{\"color\":{\"text\":\"#000000\",\"background\":\"#cf6f4c\"},\"elements\":{\"link\":{\"color\":{\"text\":\"#000000\"}}}},\"className\":\"is-style-fill\"} --><\/p>\n<div class=\"wp-block-button is-style-fill\"><a class=\"wp-block-button__link has-text-color has-background has-link-color has-text-align-center wp-element-button\" style=\"color: #000000; background-color: #cf6f4c;\" href=\"https:\/\/www.ferienwohnung-jurastein.de\/index.php\/ferienwohnung\/\">Mehr Details<\/a><\/div>\n<p><!-- \/wp:button --><\/p><\/div>\n<p><!-- \/wp:buttons --><!-- wp:paragraph --><\/p>\n<p><!-- \/wp:paragraph --><\/p><\/div>\n<p><!-- \/wp:column --><!-- wp:column {\"width\":\"66.66%\"} --><\/p>\n<div class=\"wp-block-column\" style=\"flex-basis: 66.66%;\"><p><!-- wp:image {\"id\":42,\"sizeSlug\":\"large\",\"linkDestination\":\"none\"} --><\/p>\n<figure class=\"wp-block-image size-large\"><figure id=\"attachment_42\" aria-describedby=\"caption-attachment-42\" style=\"width: 500px\" class=\"wp-caption alignright\"><img decoding=\"async\" class=\"wp-image-42\" src=\"https:\/\/i0.wp.com\/www.ferienwohnung-jurastein.de\/wp-content\/uploads\/2024\/03\/Genug-Platz-zum-Kochen.jpg?resize=500%2C420\" alt=\"\" width=\"500\" height=\"420\"  data-recalc-dims=\"1\"><figcaption id=\"caption-attachment-42\" class=\"wp-caption-text\">K\u00fcche<\/figcaption><\/figure>\n<\/figure>\n<p><!-- \/wp:image --><\/p><\/div>\n<p><!-- \/wp:column --><\/p><\/div>\n<p><!-- \/wp:columns --><\/p><\/div>\n<p><!-- \/wp:group --><!-- wp:group {\"layout\":{\"type\":\"constrained\"}} --><\/p>\n<div class=\"wp-block-group\"><p><!-- wp:group {\"tagName\":\"article\",\"style\":{\"spacing\":{\"padding\":{\"top\":\"var:preset|spacing|70\",\"bottom\":\"var:preset|spacing|70\",\"right\":\"var:preset|spacing|60\",\"left\":\"var:preset|spacing|60\"},\"margin\":{\"top\":\"0px\",\"bottom\":\"0px\"},\"blockGap\":\"0\"}},\"backgroundColor\":\"background\",\"layout\":{\"type\":\"constrained\"},\"fontSize\":\"small\"} --><\/p>\n<article class=\"wp-block-group has-background-background-color has-background has-small-font-size\" style=\"margin-top: 0px; margin-bottom: 0px; padding: var(--wp--preset--spacing--70) var(--wp--preset--spacing--60) var(--wp--preset--spacing--70) var(--wp--preset--spacing--60);\"><!-- wp:columns {\"align\":\"wide\"} --><p><\/p>\n<div class=\"wp-block-columns alignwide\"><p><!-- wp:column {\"width\":\"33.34%\",\"style\":{\"spacing\":{\"blockGap\":\"16px\"}}} --><\/p>\n<div class=\"wp-block-column\" style=\"flex-basis: 33.34%;\"><p><!-- wp:heading {\"textAlign\":\"center\",\"level\":3,\"style\":{\"color\":{\"text\":\"#cf6f4c\"},\"elements\":{\"link\":{\"color\":{\"text\":\"#cf6f4c\"}}},\"typography\":{\"fontSize\":\"33px\"}}} --><\/p>\n<h3 class=\"wp-block-heading has-text-align-center has-text-color has-link-color\" style=\"color: #cf6f4c; font-size: 33px;\">Das Zentrum der Stadt<\/h3>\n<p><!-- \/wp:heading --><!-- wp:paragraph {\"fontSize\":\"small\"} --><\/p>\n<p class=\"has-small-font-size\">Genie\u00dfen Sie durch die sch\u00f6ne Lage der Wohnung einen Spaziergang in das Zentrum des historischen Burglengenfeld.<\/p>\n<p><!-- \/wp:paragraph --><!-- wp:paragraph --><\/p>\n<p><!-- \/wp:paragraph --><!-- wp:image {\"id\":100,\"width\":\"320px\",\"height\":\"auto\",\"sizeSlug\":\"full\",\"linkDestination\":\"custom\"} --><\/p>\n<figure class=\"wp-block-image size-full is-resized\"><img decoding=\"async\" width=\"640\" height=\"347\" class=\"wp-image-100\" style=\"width: 320px; height: auto;\" src=\"https:\/\/i0.wp.com\/www.ferienwohnung-jurastein.de\/wp-content\/uploads\/2024\/04\/Altstadt_Burglengenfeld.jpg?w=685&#038;ssl=1\" alt=\"\" data-recalc-dims=\"1\" srcset=\"https:\/\/i0.wp.com\/www.ferienwohnung-jurastein.de\/wp-content\/uploads\/2024\/04\/Altstadt_Burglengenfeld.jpg?w=640&amp;ssl=1 640w, https:\/\/i0.wp.com\/www.ferienwohnung-jurastein.de\/wp-content\/uploads\/2024\/04\/Altstadt_Burglengenfeld.jpg?resize=300%2C163&amp;ssl=1 300w\" sizes=\"(max-width: 640px) 100vw, 640px\" \/><\/figure>\n<p><!-- \/wp:image --><\/p><\/div>\n<p><!-- \/wp:column --><!-- wp:column {\"width\":\"33.33%\",\"style\":{\"spacing\":{\"blockGap\":\"16px\"}}} --><\/p>\n<div class=\"wp-block-column\" style=\"flex-basis: 33.33%;\"><p><!-- wp:heading {\"textAlign\":\"center\",\"level\":3,\"style\":{\"color\":{\"text\":\"#cf6f4c\"},\"elements\":{\"link\":{\"color\":{\"text\":\"#cf6f4c\"}}}},\"fontSize\":\"large\"} --><\/p>\n<h3 class=\"wp-block-heading has-text-align-center has-text-color has-link-color has-large-font-size\" style=\"color: #cf6f4c;\">Historisch<\/h3>\n<p><!-- \/wp:heading --><!-- wp:paragraph {\"fontSize\":\"small\"} --><\/p>\n<p class=\"has-small-font-size\">Die Burg Burglengenfeld oder historisch Burg Lengenfeld ist eine H\u00f6henburg auf 427 m \u00fc.&nbsp;NN oberhalb der heutigen Stadt Burglengenfeld in der Oberpfalz. Sie ist \u201eBayerns besterhaltene Burganlage\u201c der Salierzeit.<\/p>\n<p><!-- \/wp:paragraph --><!-- wp:image {\"id\":101,\"width\":\"256px\",\"height\":\"auto\",\"sizeSlug\":\"full\",\"linkDestination\":\"custom\",\"align\":\"center\"} --><\/p>\n<figure class=\"wp-block-image aligncenter size-full is-resized\"><img loading=\"lazy\" decoding=\"async\" width=\"277\" height=\"182\" class=\"wp-image-101\" style=\"width: 256px; height: auto;\" src=\"https:\/\/i0.wp.com\/www.ferienwohnung-jurastein.de\/wp-content\/uploads\/2024\/04\/images.jpg?w=685&#038;ssl=1\" alt=\"\" data-recalc-dims=\"1\"><\/figure>\n<p><!-- \/wp:image --><\/p><\/div>\n<p><!-- \/wp:column --><!-- wp:column {\"width\":\"33.34%\",\"style\":{\"spacing\":{\"blockGap\":\"16px\"}}} --><\/p>\n<div class=\"wp-block-column\" style=\"flex-basis: 33.34%;\"><p><!-- wp:heading {\"textAlign\":\"center\",\"level\":3,\"style\":{\"color\":{\"text\":\"#cf6f4c\"},\"elements\":{\"link\":{\"color\":{\"text\":\"#cf6f4c\"}}}},\"fontSize\":\"large\"} --><\/p>\n<h3 class=\"wp-block-heading has-text-align-center has-text-color has-link-color has-large-font-size\" style=\"color: #cf6f4c;\">Ausfl\u00fcge<\/h3>\n<p><!-- \/wp:heading --><!-- wp:paragraph {\"fontSize\":\"small\"} --><\/p>\n<p class=\"has-small-font-size\">Es gibt in der n\u00e4heren Umgebung einiges zu entdecken, darunter Naturparks, Shoppingm\u00f6glichkeiten und die romantische Altstadt von Burglengenfeld.<\/p>\n<p><!-- \/wp:paragraph --><!-- wp:paragraph {\"style\":{\"typography\":{\"fontSize\":\"4px\"}}} --><\/p>\n<p style=\"font-size: 4px;\">\n<\/p><p><!-- \/wp:paragraph --><!-- wp:image {\"id\":249,\"width\":\"251px\",\"height\":\"auto\",\"sizeSlug\":\"large\",\"linkDestination\":\"custom\",\"align\":\"center\"} --><\/p>\n<figure class=\"wp-block-image aligncenter size-large is-resized\"><img decoding=\"async\" class=\"wp-image-249\" style=\"width: 251px; height: auto;\" src=\"https:\/\/ghgisela.files.wordpress.com\/2023\/11\/360_f_600587769_lgvpae808bnj2avantfprfvoyaaqocma.jpg?w=685\" alt=\"\" data-recalc-dims=\"1\"><\/figure>\n<p><!-- \/wp:image --><\/p><\/div>\n<p><!-- \/wp:column --><\/p><\/div>\n<p><!-- \/wp:columns --><!-- wp:buttons --><\/p>\n<div class=\"wp-block-buttons\"><p><!-- wp:button {\"textColor\":\"black\",\"width\":100,\"style\":{\"elements\":{\"link\":{\"color\":{\"text\":\"var:preset|color|black\"}}},\"color\":{\"background\":\"#cf6f4c\"}}} --><\/p>\n<div class=\"wp-block-button has-custom-width wp-block-button__width-100\"><a class=\"wp-block-button__link has-black-color has-text-color has-background has-link-color wp-element-button\" style=\"background-color: #cf6f4c;\" href=\"https:\/\/www.ferienwohnung-jurastein.de\/index.php\/umgebung\/\">Jetzt entdecken<\/a><\/div>\n<p><!-- \/wp:button --><\/p><\/div>\n<p><!-- \/wp:buttons --><\/p><\/article>\n<p><!-- \/wp:group --><\/p><\/div>\n<p><!-- \/wp:group --><\/p>\t\t\t\t\t\t<\/div>\n\t\t\t\t<\/div>\n\t\t\t\t\t<\/div>\n\t\t\t\t<\/div>\n\t\t\t\t<\/div>\n\t\t","protected":false},"excerpt":{"rendered":"<p>Ferienwohnung Im Herzen der Stadt Burglengenfeld\u00b4s liegt die 50qm (Bj. 2020) gro\u00dfe und moderne 4 Sterne Ferienwohnung . WLAN gibt\u00b4s gratis und der zur Wohnung geh\u00f6rende Garten mit Terrasse steht zur alleinigen Nutzung f\u00fcr gem\u00fctliche Abende zu Ihrer Verf\u00fcgung. &nbsp;In unserer modernen und komplett ausgestatteten K\u00fcche macht das Kochen auch im Urlaub Spa\u00df. Sollte Ihnen &hellip; <a href=\"https:\/\/www.ferienwohnung-jurastein.de\/\" class=\"more-link\"><span class=\"screen-reader-text\"><\/span> weiterlesen<\/a><\/p>\n","protected":false},"author":1,"featured_media":0,"parent":0,"menu_order":0,"comment_status":"closed","ping_status":"closed","template":"","meta":{"_regular_price":[],"currency_symbol":[],"footnotes":""},"class_list":["post-99","page","type-page","status-publish","hentry"],"post_slider_layout_featured_media_urls":{"thumbnail":"","post_slider_layout_landscape_large":"","post_slider_layout_portrait_large":"","post_slider_layout_square_large":"","post_slider_layout_landscape":"","post_slider_layout_portrait":"","post_slider_layout_square":"","full":""},"jetpack_sharing_enabled":true,"_links":{"self":[{"href":"https:\/\/www.ferienwohnung-jurastein.de\/index.php\/wp-json\/wp\/v2\/pages\/99","targetHints":{"allow":["GET"]}}],"collection":[{"href":"https:\/\/www.ferienwohnung-jurastein.de\/index.php\/wp-json\/wp\/v2\/pages"}],"about":[{"href":"https:\/\/www.ferienwohnung-jurastein.de\/index.php\/wp-json\/wp\/v2\/types\/page"}],"author":[{"embeddable":true,"href":"https:\/\/www.ferienwohnung-jurastein.de\/index.php\/wp-json\/wp\/v2\/users\/1"}],"replies":[{"embeddable":true,"href":"https:\/\/www.ferienwohnung-jurastein.de\/index.php\/wp-json\/wp\/v2\/comments?post=99"}],"version-history":[{"count":47,"href":"https:\/\/www.ferienwohnung-jurastein.de\/index.php\/wp-json\/wp\/v2\/pages\/99\/revisions"}],"predecessor-version":[{"id":397,"href":"https:\/\/www.ferienwohnung-jurastein.de\/index.php\/wp-json\/wp\/v2\/pages\/99\/revisions\/397"}],"wp:attachment":[{"href":"https:\/\/www.ferienwohnung-jurastein.de\/index.php\/wp-json\/wp\/v2\/media?parent=99"}],"curies":[{"name":"wp","href":"https:\/\/api.w.org\/{rel}","templated":true}]}}